{"id":91,"date":"2021-01-03T12:28:23","date_gmt":"2021-01-03T12:28:23","guid":{"rendered":"https:\/\/www.xn--frhefrderung-emmen-h3b0j.ch\/?page_id=91"},"modified":"2026-01-14T07:49:28","modified_gmt":"2026-01-14T07:49:28","slug":"colibri-wp","status":"publish","type":"page","link":"https:\/\/www.xn--frhefrderung-emmen-h3b0j.ch\/","title":{"rendered":"Home"},"content":{"rendered":"\n<h5 class=\"wp-block-heading\">Fr\u00fche F\u00f6rderung Emmen &#8211; Herzlich Willkommen!<\/h5>\n\n\n\n<p class=\"has-text-align-left\">Hier finden Sie Informationen f\u00fcr den Familienalltag mit Kindern.<\/p>\n\n\n\n<div class=\"wp-block-media-text alignwide has-media-on-the-right is-stacked-on-mobile is-style-default\" style=\"grid-template-columns:auto 49%\"><div class=\"wp-block-media-text__content\">\n<p>Warum ist die Sprache f\u00fcr Kinder von Anfang an so wichtig?<\/p>\n\n\n\n<p>Welche Angebote gibt es f\u00fcr junge Familien in der Gemeinde Emmen?<\/p>\n\n\n\n<p>Wo finden Sie Unterst\u00fctzung und Begleitung f\u00fcr den anspruchsvollen Alltag mit Kindern?<\/p>\n<\/div><figure class=\"wp-block-media-text__media\"><img loading=\"lazy\" decoding=\"async\" width=\"1024\" height=\"684\" src=\"https:\/\/www.xn--frhefrderung-emmen-h3b0j.ch\/wp-content\/uploads\/2021\/01\/Kind-mit-Eltern_pexels-anete-lusina-5239963-1024x684.jpg\" alt=\"\" class=\"wp-image-359 size-full\" srcset=\"https:\/\/www.xn--frhefrderung-emmen-h3b0j.ch\/wp-content\/uploads\/2021\/01\/Kind-mit-Eltern_pexels-anete-lusina-5239963-1024x684.jpg 1024w, https:\/\/www.xn--frhefrderung-emmen-h3b0j.ch\/wp-content\/uploads\/2021\/01\/Kind-mit-Eltern_pexels-anete-lusina-5239963-300x200.jpg 300w, https:\/\/www.xn--frhefrderung-emmen-h3b0j.ch\/wp-content\/uploads\/2021\/01\/Kind-mit-Eltern_pexels-anete-lusina-5239963-768x513.jpg 768w, https:\/\/www.xn--frhefrderung-emmen-h3b0j.ch\/wp-content\/uploads\/2021\/01\/Kind-mit-Eltern_pexels-anete-lusina-5239963-1536x1025.jpg 1536w, https:\/\/www.xn--frhefrderung-emmen-h3b0j.ch\/wp-content\/uploads\/2021\/01\/Kind-mit-Eltern_pexels-anete-lusina-5239963-2048x1367.jpg 2048w\" sizes=\"(max-width: 709px) 85vw, (max-width: 909px) 67vw, (max-width: 1362px) 62vw, 840px\" \/><\/figure><\/div>\n\n\n\n<p><strong>Die Fachstelle Fr\u00fche F\u00f6rderung Emmen ist eine Dienstleistung der Gemeinde Emmen. Sie bietet Informationen, Beratung und Unterst\u00fctzung f\u00fcr den Familienalltag mit Kindern.<\/strong><\/p>\n\n\n\n<p><strong><a href=\"https:\/\/www.xn--frhefrderung-emmen-h3b0j.ch\/wp-content\/uploads\/2024\/08\/Flyer-FFE_Homepage-und-Flyer.pdf\" target=\"_blank\" rel=\"noopener\" title=\"\">Weitere Informationen zur Fachstelle Fr\u00fche F\u00f6rderung Emmen<\/a><\/strong><\/p>\n\n\n\n<p><\/p>\n","protected":false},"excerpt":{"rendered":"<p>Fr\u00fche F\u00f6rderung Emmen &#8211; Herzlich Willkommen! Hier finden Sie Informationen f\u00fcr den Familienalltag mit Kindern. Warum ist die Sprache f\u00fcr Kinder von Anfang an so wichtig? Welche Angebote gibt es f\u00fcr junge Familien in der Gemeinde Emmen? Wo finden Sie Unterst\u00fctzung und Begleitung f\u00fcr den anspruchsvollen Alltag mit Kindern? Die Fachstelle Fr\u00fche F\u00f6rderung Emmen ist &hellip; <a href=\"https:\/\/www.xn--frhefrderung-emmen-h3b0j.ch\/\" class=\"more-link\"><span class=\"screen-reader-text\">\u201eHome\u201c<\/span> weiterlesen<\/a><\/p>\n","protected":false},"author":1,"featured_media":0,"parent":0,"menu_order":0,"comment_status":"closed","ping_status":"closed","template":"","meta":{"_coblocks_attr":"","_coblocks_dimensions":"","_coblocks_responsive_height":"","_coblocks_accordion_ie_support":"","_mi_skip_tracking":false,"footnotes":""},"class_list":["post-91","page","type-page","status-publish","hentry"],"aioseo_notices":[],"_links":{"self":[{"href":"https:\/\/www.xn--frhefrderung-emmen-h3b0j.ch\/index.php?rest_route=\/wp\/v2\/pages\/91"}],"collection":[{"href":"https:\/\/www.xn--frhefrderung-emmen-h3b0j.ch\/index.php?rest_route=\/wp\/v2\/pages"}],"about":[{"href":"https:\/\/www.xn--frhefrderung-emmen-h3b0j.ch\/index.php?rest_route=\/wp\/v2\/types\/page"}],"author":[{"embeddable":true,"href":"https:\/\/www.xn--frhefrderung-emmen-h3b0j.ch\/index.php?rest_route=\/wp\/v2\/users\/1"}],"replies":[{"embeddable":true,"href":"https:\/\/www.xn--frhefrderung-emmen-h3b0j.ch\/index.php?rest_route=%2Fwp%2Fv2%2Fcomments&post=91"}],"version-history":[{"count":58,"href":"https:\/\/www.xn--frhefrderung-emmen-h3b0j.ch\/index.php?rest_route=\/wp\/v2\/pages\/91\/revisions"}],"predecessor-version":[{"id":1259,"href":"https:\/\/www.xn--frhefrderung-emmen-h3b0j.ch\/index.php?rest_route=\/wp\/v2\/pages\/91\/revisions\/1259"}],"wp:attachment":[{"href":"https:\/\/www.xn--frhefrderung-emmen-h3b0j.ch\/index.php?rest_route=%2Fwp%2Fv2%2Fmedia&parent=91"}],"curies":[{"name":"wp","href":"https:\/\/api.w.org\/{rel}","templated":true}]}}